{"id":12096,"date":"2026-04-30T01:47:46","date_gmt":"2026-04-30T01:47:46","guid":{"rendered":"https:\/\/fahrion.ihlenfeldt.de\/protection-des-donnees\/"},"modified":"2026-04-30T01:47:48","modified_gmt":"2026-04-30T01:47:48","slug":"protection-des-donnees","status":"publish","type":"page","link":"https:\/\/fahrion.de\/fr\/protection-des-donnees\/","title":{"rendered":"Protection des donn\u00e9es"},"content":{"rendered":"\t\t<div data-elementor-type=\"wp-page\" data-elementor-id=\"12096\" class=\"elementor elementor-12096 elementor-3659\" data-elementor-post-type=\"page\">\n\t\t\t\t<div class=\"elementor-element elementor-element-32582a9a e-flex e-con-boxed e-con e-parent\" data-id=\"32582a9a\" data-element_type=\"container\" data-settings=\"{&quot;background_background&quot;:&quot;classic&quot;}\">\n\t\t\t\t\t<div class=\"e-con-inner\">\n\t\t\t\t<div class=\"elementor-element elementor-element-66dd5fa elementor-invisible elementor-widget elementor-widget-heading\" data-id=\"66dd5fa\" data-element_type=\"widget\" data-settings=\"{&quot;_animation&quot;:&quot;fadeInUp&quot;}\" data-widget_type=\"heading.default\">\n\t\t\t\t<div class=\"elementor-widget-container\">\n\t\t\t\t\t<h1 class=\"elementor-heading-title elementor-size-default\">Protection des donn\u00e9es<\/h1>\t\t\t\t<\/div>\n\t\t\t\t<\/div>\n\t\t\t\t<div class=\"elementor-element elementor-element-1aa6e10 elementor-widget elementor-widget-spacer\" data-id=\"1aa6e10\" data-element_type=\"widget\" data-widget_type=\"spacer.default\">\n\t\t\t\t<div class=\"elementor-widget-container\">\n\t\t\t\t\t\t\t<div class=\"elementor-spacer\">\n\t\t\t<div class=\"elementor-spacer-inner\"><\/div>\n\t\t<\/div>\n\t\t\t\t\t\t<\/div>\n\t\t\t\t<\/div>\n\t\t\t\t<div class=\"elementor-element elementor-element-4883045 elementor-widget elementor-widget-shortcode\" data-id=\"4883045\" data-element_type=\"widget\" data-widget_type=\"shortcode.default\">\n\t\t\t\t<div class=\"elementor-widget-container\">\n\t\t\t\t\t\t\t<div class=\"elementor-shortcode\"><span class=\"borlabs-cookie-open-dialog-preferences brlbs-cmpnt-container\" data-borlabs-cookie-title=\"Modifier les param\u00e8tres de confidentialit\u00e9\" data-borlabs-cookie-type=\"button\" ><\/span><\/div>\n\t\t\t\t\t\t<\/div>\n\t\t\t\t<\/div>\n\t\t\t\t<div class=\"elementor-element elementor-element-6316202 elementor-widget elementor-widget-spacer\" data-id=\"6316202\" data-element_type=\"widget\" data-widget_type=\"spacer.default\">\n\t\t\t\t<div class=\"elementor-widget-container\">\n\t\t\t\t\t\t\t<div class=\"elementor-spacer\">\n\t\t\t<div class=\"elementor-spacer-inner\"><\/div>\n\t\t<\/div>\n\t\t\t\t\t\t<\/div>\n\t\t\t\t<\/div>\n\t\t\t\t<div class=\"elementor-element elementor-element-018c9db imprint elementor-invisible elementor-widget elementor-widget-text-editor\" data-id=\"018c9db\" data-element_type=\"widget\" data-settings=\"{&quot;_animation&quot;:&quot;fadeInUp&quot;,&quot;_animation_delay&quot;:200}\" data-widget_type=\"text-editor.default\">\n\t\t\t\t<div class=\"elementor-widget-container\">\n\t\t\t\t\t\t\t\t\t<p><div  class=\"agb_content agb_privacy  notranslate\"><div><h2>1) Informations sur la collecte de donn&eacute;es &agrave; caract&egrave;re personnel et coordonn&eacute;es du responsable du traitement<\/h2>\n\n<p><b>1.1<\/b>&nbsp;Nous nous r&eacute;jouissons de votre visite sur notre site internet et de l&rsquo;int&eacute;r&ecirc;t que vous portez &agrave; nos services. Nous vous informons ici sur le traitement de vos donn&eacute;es personnelles lors de l&rsquo;utilisation de notre site web. Les donn&eacute;es personnelles sont toutes les donn&eacute;es avec lesquelles vous pouvez &ecirc;tre identifi&eacute; personnellement.<\/p>\n\n<p><b>1.2<\/b>&nbsp;Le responsable du traitement des donn&eacute;es sur ce site internet est, au sens du R&egrave;glement g&eacute;n&eacute;ral sur la protection des donn&eacute;es (RGPD), Eugen Fahrion GmbH &amp; Co. KG, Forststra&szlig;e 54, 73667 Kaisersbach, Allemagne, t&eacute;l.: +49 (0)7184 92 82-0, Courrier &eacute;lectronique : verkauf@fahrion.de. Le responsable du traitement des donn&eacute;es &agrave; caract&egrave;re personnel est la personne physique ou morale, l&rsquo;autorit&eacute; publique, le service ou un autre organisme qui, seul ou conjointement avec d&rsquo;autres, d&eacute;termine les finalit&eacute;s et les moyens du traitement des donn&eacute;es &agrave; caract&egrave;re personnel.<\/p>\n\n<p><b>1.3<\/b>&nbsp;Le responsable du traitement a d&eacute;sign&eacute; un d&eacute;l&eacute;gu&eacute; &agrave; la protection des donn&eacute;es.<br \/>\nCe dernier peut &ecirc;tre contact&eacute; comme suit: &quot;Mustafa Vural, Hopp + Flaig PartG mbB, Beratende Ingenieure, Neue Weinsteige 69\/71, 70180 Stuttgart, vural@hopp-flaig.de&quot;<\/p>\n\n<h2>2) Collecte de donn&eacute;es lors de la visite de notre site web<\/h2>\n\n<p><b>2.1<\/b>&nbsp;Lorsque vous utilisez notre site web uniquement &agrave; des fins d&rsquo;information, c&rsquo;est-&agrave;-dire si vous ne vous inscrivez pas ou ne nous fournissez pas d&rsquo;autres informations, nous ne recueillons que les seules donn&eacute;es transmises par votre navigateur &agrave; notre serveur (les &quot;Server-Logfiles ou &quot;fichiers journaux&quot;). Ainsi, lors de la visite de notre site web, seules les donn&eacute;es suivantes qui nous sont techniquement n&eacute;cessaires pour vous pr&eacute;senter le site internet seront collect&eacute;es :<\/p>\n\n<ul>\n<li>Le site web visit&eacute;<\/li>\n<li>La date et l&rsquo;heure de l&rsquo;acc&egrave;s au site<\/li>\n<li>La quantit&eacute; (en octets) de donn&eacute;es envoy&eacute;es<\/li>\n<li>La source\/r&eacute;f&eacute;rence &agrave; partir de laquelle vous avez &eacute;t&eacute; amen&eacute; &agrave; consulter notre site<\/li>\n<li>Le navigateur utilis&eacute;<\/li>\n<li>Le syst&egrave;me d&rsquo;exploitation<\/li>\n<li>L&rsquo;adresse IP utilis&eacute;e (le cas &eacute;ch&eacute;ant : sous forme anonyme)<\/li>\n<\/ul>\n\n<p>Le traitement est effectu&eacute; conform&eacute;ment &agrave; l&rsquo;article 6 paragraphe 1 point f) RGPD dans notre int&eacute;r&ecirc;t l&eacute;gitime &agrave; l&rsquo;am&eacute;lioration de la stabilit&eacute; et des fonctionnalit&eacute;s du site web. Les donn&eacute;es ne seront en aucun cas transmises ou utilis&eacute;es &agrave; d&rsquo;autres fins. Nous nous r&eacute;servons en tout &eacute;tat de cause le droit de v&eacute;rifier ult&eacute;rieurement les fichiers journaux du serveur s&rsquo;il existe des indices concrets d&rsquo;utilisation ill&eacute;gale.<\/p>\n\n<p><b>2.2<\/b>&nbsp;Ce site web utilise le cryptage SSL (Secure Socket Layer) ou TLS (transport Layer Security) pour des raisons de s&eacute;curit&eacute; et pour prot&eacute;ger la transmission de donn&eacute;es personnelles ainsi que d&rsquo;autres contenus confidentiels (comme par exemple les commandes ou les demandes de renseignements). Vous pouvez reconna&icirc;tre une connexion crypt&eacute;e par la cha&icirc;ne de caract&egrave;res &quot;https:\/\/&quot; et\/ou au symbole du cadenas dans la barre de navigation.<\/p>\n\n<h2>3) H&eacute;bergement &amp; Content Delivery Network<\/h2>\n\n<p>Pour l&rsquo;h&eacute;bergement de notre site web et la pr&eacute;sentation de son contenu, nous faisons appel &agrave; un fournisseur qui fournit ses prestations, lui-m&ecirc;me ou par le biais de sous-traitants s&eacute;lectionn&eacute;s, exclusivement sur des serveurs situ&eacute;s dans l&rsquo;Union europ&eacute;enne.<\/p>\n\n<p>Toutes les donn&eacute;es collect&eacute;es sur notre site web sont trait&eacute;es sur ces serveurs.<\/p>\n\n<p>Nous avons conclu avec ce fournisseur un contrat de traitement des commandes qui garantit la protection des donn&eacute;es des visiteurs de notre site et interdit toute transmission non autoris&eacute;e &agrave; des tiers.<\/p>\n\n<h2>4) Cookies<\/h2>\n\n<p>Afin de rendre la visite de notre site Web attrayante et de permettre l&rsquo;utilisation de certaines fonctions, nous utilisons des cookies, c&rsquo;est-&agrave;-dire de petits fichiers texte qui sont d&eacute;pos&eacute;s sur votre terminal. Certains de ces cookies sont automatiquement supprim&eacute;s apr&egrave;s la fermeture du navigateur (&laquo; cookies de session &raquo;), d&rsquo;autres restent plus longtemps sur votre terminal et permettent d&rsquo;enregistrer les param&egrave;tres de la page (&laquo; cookies persistants &raquo;). Dans ce dernier cas, vous pouvez consulter la dur&eacute;e de stockage dans l&rsquo;aper&ccedil;u des param&egrave;tres de cookies de votre navigateur web.<\/p>\n\n<p>Si des donn&eacute;es &agrave; caract&egrave;re personnel sont &eacute;galement trait&eacute;es par certains cookies que nous utilisons, le traitement a lieu conform&eacute;ment &agrave; l&rsquo;article 6, paragraphe 1, point b) RGPD, en vue de l&rsquo;ex&eacute;cution du contrat en cas de consentement donn&eacute; conform&eacute;ment &agrave; l&rsquo;article 6, paragraphe 1, point a) RGPD , ou aux fins de la sauvegarde de nos int&eacute;r&ecirc;ts l&eacute;gitimes &agrave; la meilleure fonctionnalit&eacute; possible du site Web et &agrave; une conception conviviale et efficace de la visite du site conform&eacute;ment &agrave; l&rsquo;article 6, paragraphe 1, point f) RGPD.<\/p>\n\n<p>Vous pouvez configurer votre navigateur de mani&egrave;re &agrave; &ecirc;tre inform&eacute; de l&rsquo;installation de cookies et &agrave; d&eacute;cider individuellement de leur acceptation ou &agrave; exclure l&rsquo;acceptation de cookies dans certains cas ou de mani&egrave;re g&eacute;n&eacute;rale.<\/p>\n\n<p>Veuillez noter que si vous n&rsquo;acceptez pas les cookies, la fonctionnalit&eacute; de notre site Web peut &ecirc;tre limit&eacute;e.<\/p>\n\n<h2>5) Prise de contact<\/h2>\n\n<p>Des donn&eacute;es &agrave; caract&egrave;re personnel sont collect&eacute;es lors de la prise de contact avec nos services (par exemple via le formulaire de contact ou par e-mail). Les donn&eacute;es collect&eacute;es par le biais du formulaire de contact peuvent &ecirc;tre consult&eacute;es &agrave; partir de ce m&ecirc;me formulaire. Ces donn&eacute;es sont enregistr&eacute;es et utilis&eacute;es dans le seul but de r&eacute;pondre &agrave; votre demande et pour permettre la prise de contact ainsi que l&rsquo;administration technique correspondante. Le traitement des donn&eacute;es est effectu&eacute;, le cas &eacute;ch&eacute;ant, conform&eacute;ment aux dispositions de l&rsquo;article 6, paragraphe 1, point f) RGPD sur la base de notre int&eacute;r&ecirc;t l&eacute;gitime &agrave; r&eacute;pondre &agrave; votre demande.<\/p>\n\n<p>En outre, si votre prise de contact a pour objet la conclusion d&rsquo;un contrat, le traitement de vos donn&eacute;es sera effectu&eacute; sur le fondement de l&rsquo;article 6, paragraphe 1, point b) RGPD.<\/p>\n\n<p>A l&rsquo;issue du traitement final de votre demande, c&rsquo;est &agrave; dire lorsqu&rsquo;il peut &ecirc;tre d&eacute;duit des circonstances que la situation est d&eacute;finitivement clarifi&eacute;e et qu&rsquo;il ne subsiste aucune obligation l&eacute;gale de conservation contraire, vos donn&eacute;es sont imm&eacute;diatement supprim&eacute;es.<\/p>\n\n<h2>6) Service d&rsquo;analyse web<\/h2>\n\n<p><b>6.1<\/b>&nbsp;etracker<\/p>\n\n<p>Ce site web utilise le service d&rsquo;analyse web du fournisseur suivant: etracker GmbH, Erste Brunnenstra&szlig;e 1, 20459 Hambourg, Allemagne<\/p>\n\n<p>&Agrave; l&rsquo;aide de cookies et\/ou de technologies comparables (pixel espion, web beacons, algorithmes pour extraction d&rsquo;informations relatives au terminal et au navigateur), ce service collecte et stocke des donn&eacute;es pseudomymis&eacute;es concernant les visiteurs, parmi lesquelles se trouvent des informations sur le terminal employ&eacute;, comme l&rsquo;adresse IP et des informations sur le navigateur, afin de les exploiter &agrave; des fins d&rsquo;analyse statistique du comportement des utilisateurs sur notre site et d&rsquo;&eacute;tablir des profils d&rsquo;utilisateur pseudonymis&eacute;s. Il est ainsi possible, entre autres, d&rsquo;analyser des heatmaps qui montrent la dur&eacute;e des consultations des pages et les interactions avec leurs contenus (p. ex. saisies de texte, d&eacute;filement &agrave; l&rsquo;&eacute;cran, clics et survols de souris). Une pseudonymisation exclut a priori la possibilit&eacute; d&rsquo;identifier directement l&rsquo;utilisateur. Il n&rsquo;y a pas de compilation de donn&eacute;es en clair concernant votre personne d&rsquo;une quelconque autre mani&egrave;re.<\/p>\n\n<p>Nous effectuons tous les traitements d&eacute;crits ci-dessus, notamment l&rsquo;extraction ou le stockage d&rsquo;informations sur le terminal utilis&eacute;, uniquement si vous nous avez donn&eacute; votre consentement express &agrave; cette fin conform&eacute;ment &agrave; l&rsquo;art. 6 al. 1 point a RGPD. Vous pouvez retirer &agrave; tout moment le consentement que vous avez accord&eacute;, avec effet ult&eacute;rieur, en d&eacute;sactivant ce service dans l&rsquo;&laquo; outil de consentement aux cookies &raquo; &agrave; votre disposition sur le site.<\/p>\n\n<p>Nous avons conclu avec le fournisseur un contrat de sous-traitance qui assure la protection des donn&eacute;es personnelles des visiteurs de notre site et interdit toute transmission non autoris&eacute;e &agrave; des tiers.<\/p>\n\n<p><b>6.2<\/b>&nbsp;etracker<\/p>\n\n<p>Sur ce site Web, des donn&eacute;es sont collect&eacute;es et enregistr&eacute;es &agrave; l&rsquo;aide des technologies fournies par etracker GmbH, Erste Brunnenstra&szlig;e 1, 20459 Hambourg, Allemagne (www.etracker.com). Des profils d&rsquo;utilisation pseudonymis&eacute;s peuvent &ecirc;tre cr&eacute;&eacute;s et &eacute;valu&eacute;s &agrave; partir de ces donn&eacute;es &agrave; des fins identiques.<\/p>\n\n<p>Ce site utilise etracker exclusivement sans recourir &agrave; des cookies, &agrave; savoir que la soci&eacute;t&eacute; etracker ne place &agrave; aucun moment des cookies sur votre terminal.<\/p>\n\n<p>Selon les informations fournies par eTracker, seules les donn&eacute;es des pages Web stock&eacute;es par les serveurs sont utilis&eacute;es. Il en va de m&ecirc;me quant aux informations transmises par le navigateur au serveur pour l&rsquo;appel de pages Web. Ces informations sont transmises &agrave; chaque appel de page individuel. Toutefois, aucune information n&rsquo;est r&eacute;cup&eacute;r&eacute;e dans la m&eacute;moire du terminal de l&rsquo;utilisateur et aucune information n&rsquo;est enregistr&eacute;e sur ce terminal.<\/p>\n\n<p>Si des donn&eacute;es &agrave; caract&egrave;re personnel sont &eacute;galement trait&eacute;es lors des processus d&eacute;crits, ce traitement est effectu&eacute; sur la base de notre int&eacute;r&ecirc;t l&eacute;gitime &agrave; l&rsquo;analyse statistique du comportement des utilisateurs &agrave; des fins d&rsquo;optimisation et de marketing, conform&eacute;ment &agrave; l&rsquo;article 6, paragraphe 1, point f) RGPD.<\/p>\n\n<p>Vous pouvez vous opposer durablement &agrave; la collecte et &agrave; l&rsquo;enregistrement futurs de vos donn&eacute;es de visiteur en utilisant la fonction opt-out mise en place &agrave; cet effet sur notre site Web.<\/p>\n\n<p>Vous trouverez de plus amples informations au sujet de la politique de confidentialit&eacute; d&rsquo;etracker &agrave; l&rsquo;adresse Internet suivante : <a href=\"https:\/\/www.etracker.com\/en\/data-privacy\/\" target=\"_blank\">https:\/\/www.etracker.com<wbr>\/en<wbr>\/data-privacy<wbr>\/<\/a><\/p>\n\n<h2>7) Fonctionnalit&eacute;s des pages<\/h2>\n\n<p><b>7.1<\/b>&nbsp;Youtube<\/p>\n\n<p>Ce site Web utilise des plugins permettant d&rsquo;afficher et de lire des vid&eacute;os provenant du fournisseur suivant: Google Ireland Limited, Gordon House, 4 Barrow St, Dublin, D04 ESW5. Irlande<\/p>\n\n<p>Lorsque vous consultez une page de notre site Web qui contient un tel plug-in, votre navigateur &eacute;tablit une connexion directe avec les serveurs du fournisseur afin de charger le plug-in. Certaines informations, dont votre adresse IP, sont alors transmises au fournisseur.<\/p>\n\n<p>Si la lecture des vid&eacute;os int&eacute;gr&eacute;es est d&eacute;clench&eacute;e par le plug-in, le fournisseur utilise des cookies afin de collecter des informations sur le comportement de l&rsquo;utilisateur, d&rsquo;&eacute;tablir des statistiques de lecture et d&#8217;emp&ecirc;cher les comportements abusifs.<\/p>\n\n<p>Si vous &ecirc;tes connect&eacute; &agrave; un compte utilisateur enregistr&eacute; aupr&egrave;s du fournisseur pendant votre visite du site, vos donn&eacute;es sont directement attribu&eacute;es &agrave; votre compte au moment o&ugrave; vous cliquez sur une vid&eacute;o. Si vous ne souhaitez pas que cette attribution soit faite &agrave; votre compte, vous devez vous d&eacute;connecter avant d&rsquo;actionner le bouton de lecture.<\/p>\n\n<p>Tous les traitements susmentionn&eacute;s, en particulier le placement de cookies permettant de lire des informations sur le terminal utilis&eacute;, ne sont effectu&eacute;s que si vous nous y avez express&eacute;ment autoris&eacute;s conform&eacute;ment &agrave; l&rsquo;art. 6, paragraphe 1, point a RGPD. Vous pouvez &agrave; tout moment r&eacute;voquer le consentement donn&eacute; avec effet pour l&rsquo;avenir en d&eacute;sactivant ce service &agrave; l&rsquo;aide de l&rsquo;outil &quot;Cookie-Consent-Tool&quot; mis &agrave; disposition sur le site Web.<\/p>\n\n<p>Pour les transferts de donn&eacute;es vers les &Eacute;tats-Unis, le fournisseur a adh&eacute;r&eacute; au cadre de protection des donn&eacute;es UE-&Eacute;tats-Unis (EU-US Data Privacy Framework), qui garantit le respect du niveau europ&eacute;en de protection des donn&eacute;es sur la base d&rsquo;une d&eacute;cision d&rsquo;ad&eacute;quation de la Commission Europ&eacute;enne.<\/p>\n\n<p><b>7.2<\/b>&nbsp;Google reCAPTCHA<\/p>\n\n<p>Sur ce site, nous utilisons le service CAPTCHA du fournisseur suivant : Google Ireland Limited, Gordon House, 4 Barrow St, Dublin, D04 E5W5, Irlande.<\/p>\n\n<p>Des donn&eacute;es peuvent en outre &ecirc;tre transmises &agrave; : Google LLC, USA. Pour la pr&eacute;sentation optique de la fen&ecirc;tre Captcha, le fournisseur utilise des &quot;Google Fonts&quot;, c&rsquo;est-&agrave;-dire des polices charg&eacute;es par Google &agrave; partir d&rsquo;Internet. Il n&rsquo;y a pas de traitement d&rsquo;autres informations que celles mentionn&eacute;es ci-dessus, qui sont d&eacute;j&agrave; transmises &agrave; Google via la fonctionnalit&eacute; de ReCaptcha.<\/p>\n\n<p>Le service v&eacute;rifie si une saisie est effectu&eacute;e par une personne physique ou de mani&egrave;re abusive par un traitement automatique et automatis&eacute;, et bloque les spams, les attaques DDoS ainsi que les acc&egrave;s malveillants automatis&eacute;s similaires. Afin de s&rsquo;assurer qu&rsquo;une action est effectu&eacute;e par un &ecirc;tre humain et non par un robot automatis&eacute;, le fournisseur collecte l&rsquo;adresse IP du terminal utilis&eacute;, les donn&eacute;es d&rsquo;identification du type de navigateur et de syst&egrave;me d&rsquo;exploitation utilis&eacute; ainsi que la date et la dur&eacute;e de la visite et les transmet aux serveurs du fournisseur pour &eacute;valuation.<\/p>\n\n<p>La base juridique est notre int&eacute;r&ecirc;t l&eacute;gitime &agrave; d&eacute;terminer la responsabilit&eacute; individuelle sur Internet et &agrave; &eacute;viter les abus et les spams conform&eacute;ment &agrave; l&rsquo;article 6, paragraphe 1, point f du RGPD.<\/p>\n\n<p>Nous avons conclu avec le fournisseur un contrat de traitement des commandes qui garantit la protection des donn&eacute;es des visiteurs de notre site et interdit toute transmission non autoris&eacute;e &agrave; des tiers.<\/p>\n\n<p>Pour les transferts de donn&eacute;es vers les &Eacute;tats-Unis, le fournisseur a adh&eacute;r&eacute; au cadre de protection des donn&eacute;es UE-&Eacute;tats-Unis (EU-US Data Privacy Framework), qui garantit le respect du niveau europ&eacute;en de protection des donn&eacute;es sur la base d&rsquo;une d&eacute;cision d&rsquo;ad&eacute;quation de la Commission Europ&eacute;enne.<\/p>\n\n<p><b>7.3<\/b>&nbsp;Candidatures en ligne par formulaire<\/p>\n\n<p>Sur notre site web, nous offrons aux demandeurs d&#8217;emploi la possibilit&eacute; de postuler en ligne en utilisant un formulaire d&eacute;di&eacute;. Si les candidats souhaitent &ecirc;tre admis au processus de candidature, ils devront nous fournir toutes les donn&eacute;es personnelles n&eacute;cessaires pour une &eacute;valuation et une s&eacute;lection fond&eacute;e et inform&eacute;e.<\/p>\n\n<p>Les informations requises comprennent notamment des renseignements personnels g&eacute;n&eacute;raux (nom, adresse, num&eacute;ro de t&eacute;l&eacute;phone ou adresse &eacute;lectronique) ainsi que d&rsquo;&eacute;ventuelles pi&egrave;ces justificatives n&eacute;cessaires pour l&rsquo;occupation du poste concern&eacute;. En outre, des informations relatives &agrave; la sant&eacute; du candidat peuvent &ecirc;tre demand&eacute;es. Celles-ci devront, en vertu du droit du travail et du droit social, faire l&rsquo;objet d&rsquo;une attention particuli&egrave;re au b&eacute;n&eacute;fice du candidat. Lors de l&rsquo;envoi du formulaire, les donn&eacute;es du candidat nous sont transmises crypt&eacute;es conform&eacute;ment &agrave; l&rsquo;&eacute;tat actuel de la technique. Ces donn&eacute;es sont ensuite stock&eacute;es par nos soins et &eacute;valu&eacute;es exclusivement aux fins du traitement de la candidature.<\/p>\n\n<p>La base l&eacute;gale pour le traitement de ces donn&eacute;es est l&rsquo;article 6, paragraphe 1, point b) RGPD ainsi que l&rsquo;article 26-1 de la loi f&eacute;d&eacute;rale sur la protection des donn&eacute;es BDSG en vertu desquels la proc&eacute;dure de candidature est consid&eacute;r&eacute;e comme l&rsquo;initiation d&rsquo;un contrat de travail.<\/p>\n\n<p>Si des cat&eacute;gories particuli&egrave;res de donn&eacute;es &agrave; caract&egrave;re personnel au sens de l&rsquo;article 9, paragraphe 1 RGPD (Donn&eacute;es relatives &agrave; la sant&eacute; telles que des informations sur l&rsquo;&eacute;tat de handicap grave) sont demand&eacute;es aux candidats dans le cadre de la proc&eacute;dure de candidature, le traitement sera effectu&eacute; conform&eacute;ment &agrave; l&rsquo;art. 9, paragraphe 2, point b) RGPD, afin que nous puissions exercer les droits d&eacute;coulant du droit du travail et du droit de la s&eacute;curit&eacute; et de la protection sociale et remplir ainsi nos obligations &agrave; cet &eacute;gard.<\/p>\n\n<p>Cumulativement ou alternativement, le traitement de cat&eacute;gories particuli&egrave;res de donn&eacute;es &agrave; caract&egrave;re personnel peut &eacute;galement &ecirc;tre fond&eacute; sur l&rsquo;art. 9, paragraphe 1, point h) RGPD dans la mesure o&ugrave; ce traitement est effectu&eacute; &agrave; des fins de pr&eacute;vention m&eacute;dicale ou de m&eacute;decine du travail, d&rsquo;&eacute;valuation de l&rsquo;aptitude au travail du candidat, de diagnostic m&eacute;dical, de sant&eacute; ou de protection sociale ou de gestion des syst&egrave;mes et des services sanitaires ou sociaux. Si, au cours de l&rsquo;&eacute;valuation d&eacute;crite ci-dessus, le candidat n&rsquo;est pas s&eacute;lectionn&eacute; ou si un candidat retire sa candidature pr&eacute;matur&eacute;ment, les donn&eacute;es transmises par formulaire seront supprim&eacute;es au plus tard dans les six mois suivant la notification correspondante. Ce d&eacute;lai est d&eacute;termin&eacute; en fonction de notre int&eacute;r&ecirc;t l&eacute;gitime &agrave; pouvoir r&eacute;pondre &agrave; toutes questions compl&eacute;mentaires concernant la candidature et, le cas &eacute;ch&eacute;ant, &agrave; nous conformer &agrave; notre obligation de fournir des preuves conform&eacute;ment &agrave; la r&eacute;glementation sur l&rsquo;&eacute;galit&eacute; de traitement des candidats.<\/p>\n\n<p>Si la candidature est accept&eacute;e, les donn&eacute;es fournies seront trait&eacute;es sur la base de l&rsquo;article 6, paragraphe 1, point b) RGPD ainsi que l&rsquo;article 26, paragraphe 1 de la loi f&eacute;d&eacute;rale sur la protection des donn&eacute;es (BDSG) aux fins d&rsquo;ex&eacute;cution du contrat de travail.<\/p>\n\n<p><b>7.4<\/b>&nbsp;Candidatures par courrier &eacute;lectronique<\/p>\n\n<p>Nous publions sur notre site web et dans une rubrique d&eacute;di&eacute;e, des offres d&rsquo;emplois actuelles, pour lesquelles les personnes int&eacute;ress&eacute;es peuvent nous faire parvenir leur candidature par e-mail &agrave; l&rsquo;adresse de contact indiqu&eacute;e.<\/p>\n\n<p>Afin d&rsquo;&ecirc;tre admis au processus de candidature, les candidats doivent nous fournir, conjointement avec leur candidature, toutes les donn&eacute;es personnelles n&eacute;cessaires pour une &eacute;valuation et une s&eacute;lection fond&eacute;e et inform&eacute;e.<\/p>\n\n<p>Les informations requises comprennent notamment des renseignements personnels g&eacute;n&eacute;raux (nom, adresse, num&eacute;ro de t&eacute;l&eacute;phone ou adresse &eacute;lectronique) ainsi que d&rsquo;&eacute;ventuelles pi&egrave;ces justificatives n&eacute;cessaire pour l&rsquo;occupation du poste concern&eacute;. En outre, des informations relatives &agrave; la sant&eacute; du candidat peuvent &ecirc;tre demand&eacute;es. Celles-ci devront, en vertu du droit du travail et du droit social, faire l&rsquo;objet d&rsquo;une attention particuli&egrave;re au b&eacute;n&eacute;fice du candidat. Les &eacute;l&eacute;ments qu&rsquo;une candidature doit contenir pour &ecirc;tre prise en consid&eacute;ration ainsi que la forme suivant laquelle ces &eacute;l&eacute;ments doivent &ecirc;tre transmis par e-mail sont, le cas &eacute;ch&eacute;ant, pr&eacute;cis&eacute;s dans l&rsquo;offre d&#8217;emploi elle-m&ecirc;me.<\/p>\n\n<p>Apr&egrave;s r&eacute;ception de la candidature &agrave; l&rsquo;adresse e-mail de contact indiqu&eacute;e, les donn&eacute;es du candidat seront conserv&eacute;es et &eacute;valu&eacute;es aux seules fins du traitement de la candidature. Pour toute informations compl&eacute;mentaires au cours du processus de traitement de la candidature, nous utiliserons soit l&rsquo;adresse &eacute;lectronique fournie par le candidat, soit le num&eacute;ro de t&eacute;l&eacute;phone &eacute;ventuellement indiqu&eacute; dans la candidature.<\/p>\n\n<p>La base l&eacute;gale pour le traitement de ces donn&eacute;es (incluant la prise de contact avec le candidat) est l&rsquo;article 6, paragraphe 1, point b) RGPD ainsi que l&rsquo;article 26-1 de la loi f&eacute;d&eacute;rale sur la protection des donn&eacute;es BDSG en vertu desquels la proc&eacute;dure de candidature est consid&eacute;r&eacute;e comme l&rsquo;initiation d&rsquo;un contrat de travail.<\/p>\n\n<p>Si des cat&eacute;gories particuli&egrave;res de donn&eacute;es &agrave; caract&egrave;re personnel au sens de l&rsquo;article 9, paragraphe 1 RGPD (Donn&eacute;es relatives &agrave; la sant&eacute; telles que les informations sur l&rsquo;&eacute;tat de handicap grave) sont demand&eacute;es aux candidats dans le cadre de la proc&eacute;dure de candidature, le traitement sera effectu&eacute; conform&eacute;ment &agrave; l&rsquo;art. 9, paragraphe 2, point b) RGPD, afin que nous puissions exercer les droits d&eacute;coulant du droit du travail et du droit de la s&eacute;curit&eacute; et de la protection sociale et remplir ainsi nos obligations &agrave; cet &eacute;gard.<\/p>\n\n<p>Cumulativement ou alternativement, le traitement de cat&eacute;gories particuli&egrave;res de donn&eacute;es &agrave; caract&egrave;re personnel peut &eacute;galement &ecirc;tre fond&eacute; sur l&rsquo;article 9, paragraphe 1, point h) RGPD dans la mesure o&ugrave; ce traitement est effectu&eacute; &agrave; des fins de pr&eacute;vention m&eacute;dicale ou de m&eacute;decine du travail, d&rsquo;&eacute;valuation de l&rsquo;aptitude au travail du candidat, de diagnostic m&eacute;dical, de sant&eacute; ou de protection sociale ou de gestion des syst&egrave;mes et des services sanitaires ou sociaux.<\/p>\n\n<p>Si, au cours de l&rsquo;&eacute;valuation d&eacute;crite ci-dessus, le candidat n&rsquo;est pas s&eacute;lectionn&eacute; ou si un candidat retire sa candidature pr&eacute;matur&eacute;ment, les donn&eacute;es transmises par courrier &eacute;lectronique ainsi que toute correspondance &eacute;lectronique, y compris le courrier &eacute;lectronique original, seront supprim&eacute;es au plus tard dans les six mois suivant la notification correspondante. Ce d&eacute;lai est d&eacute;termin&eacute; en fonction de notre int&eacute;r&ecirc;t l&eacute;gitime &agrave; pouvoir r&eacute;pondre &agrave; toutes questions compl&eacute;mentaires concernant la candidature et, le cas &eacute;ch&eacute;ant, &agrave; nous conformer &agrave; notre obligation de fournir des preuves conform&eacute;ment &agrave; la r&eacute;glementation sur l&rsquo;&eacute;galit&eacute; de traitement des candidats.<\/p>\n\n<p>Si la candidature est accept&eacute;e, les donn&eacute;es fournies seront trait&eacute;es sur la base de l&rsquo;article 6, paragraphe 1, point b) RGPD ainsi que l&rsquo;article 26, paragraphe 1 de la loi f&eacute;d&eacute;rale sur la protection des donn&eacute;es (BDSG) aux fins d&rsquo;ex&eacute;cution du contrat de travail.<\/p>\n\n<h2>8) Outils et Divers<\/h2>\n\n<p>Ce site web utilise un outil dit &quot;outil de consentement aux cookies&quot; pour obtenir le consentement effectif de l&rsquo;utilisateur concernant les cookies et les applications bas&eacute;es sur les cookies qui n&eacute;cessitent un consentement. &laquo; L&rsquo;outil de consentement aux cookies &raquo; est pr&eacute;sent&eacute; aux utilisateurs sous la forme d&rsquo;une interface utilisateur interactive lorsqu&rsquo;ils acc&egrave;dent &agrave; la page, sur laquelle le consentement pour certains cookies et\/ou applications bas&eacute;es sur les cookies peut &ecirc;tre donn&eacute; en cochant la case appropri&eacute;e. Gr&acirc;ce &agrave; l&rsquo;utilisation de l&rsquo;outil, tous les cookies\/services n&eacute;cessitant un consentement ne sont charg&eacute;s que si l&rsquo;utilisateur respectif donne le consentement correspondant en cochant la case correspondante. Cela garantit que ces cookies ne sont install&eacute;s sur l&rsquo;appareil final respectif de l&rsquo;utilisateur que si le consentement a &eacute;t&eacute; accord&eacute;.<\/p>\n\n<p>L&rsquo;outil d&eacute;finit des cookies techniquement n&eacute;cessaires pour enregistrer vos pr&eacute;f&eacute;rences en mati&egrave;re de cookies. Les donn&eacute;es &agrave; caract&egrave;re personnel des utilisateurs ne sont g&eacute;n&eacute;ralement pas trait&eacute;es.<\/p>\n\n<p>Si, dans des cas individuels, des donn&eacute;es &agrave; caract&egrave;re personnel (telles que l&rsquo;adresse IP) sont trait&eacute;es dans le but de stocker, d&rsquo;attribuer ou de consigner les param&egrave;tres des cookies, cela se fait conform&eacute;ment aux dispositions de l&rsquo;article 6, paragraphe 1, point f) RGPD sur la base de notre int&eacute;r&ecirc;t l&eacute;gitime &agrave; une gestion du consentement aux cookies conforme &agrave; la loi, sp&eacute;cifique &agrave; l&rsquo;utilisateur et conviviale, et donc &agrave; une conception de notre site web conforme &agrave; la loi.<\/p>\n\n<p>La base juridique suppl&eacute;mentaire pour le traitement est l&rsquo;article 6, paragraphe 1, point c, RGDP. En tant que partie responsable, nous sommes soumis &agrave; l&rsquo;obligation l&eacute;gale de faire d&eacute;pendre l&rsquo;utilisation de cookies techniquement inutiles du consentement respectif de l&rsquo;utilisateur.<\/p>\n\n<p>Vous trouverez de plus amples informations sur l&rsquo;op&eacute;rateur et les options de r&eacute;glage de l&rsquo;outil de consentement aux cookies directement dans l&rsquo;interface utilisateur correspondante sur notre site web.<\/p>\n\n<h2>9) Droit de la personne concern&eacute;e<\/h2>\n\n<p><b>9.1<\/b>&nbsp;La r&eacute;glementation applicable en mati&egrave;re de protection des donn&eacute;es vous accorde des droits (droits d&rsquo;information et d&rsquo;intervention) vis-&agrave;-vis du responsable du traitement, dont nous vous informons ci-dessous :<\/p>\n\n<p>&#8211; Droit d&rsquo;acc&egrave;s &agrave; l&rsquo;information (art. 15 RGPD)<\/p>\n\n<p>&#8211; Droit de rectification (art. 16 RGPD) : Vous avez le droit d&rsquo;obtenir du responsable du traitement, dans les meilleurs d&eacute;lais, la rectification de vos donn&eacute;es &agrave; caract&egrave;re personnel qui sont inexactes et\/ou que celles qui sont incompl&egrave;tes soient compl&eacute;t&eacute;es.<\/p>\n\n<ul>\n<li>Droit &agrave; l&rsquo;effacement ou &laquo; Droit &agrave; l&rsquo;oubli &raquo; (art. 17 RGPD);<\/li>\n<li>Droit &agrave; la limitation du traitement (art. 18 RGPD);<\/li>\n<li>Droit &agrave; l&rsquo;information et &agrave; la notification (art. 19 RGPD);<\/li>\n<li>Droit &agrave; la portabilit&eacute; des donn&eacute;es (art. 20 RGPD);<\/li>\n<li>Droit au retrait du consentement donn&eacute; (art. 7, paragraphe 3 RGPD);<\/li>\n<li>Droit de r&eacute;clamation (Art. 77 RGPD).<\/li>\n<\/ul>\n\n<p><b>9.2<\/b>&nbsp;DROIT D&rsquo;OPPOSITION<\/p>\n\n<p>SI NOUS TRAITONS VOS DONNEES PERSONNELLES EN ESTIMANT QU&rsquo;IL EXISTE DES MOTIFS LEGITIMES ET IMPERIEUX QUI PREVALENT SUR<\/p>\n\n<p>VOS PROPRES INTERETS, VOUS POUVEZ VOUS OPPOSER A TOUT MOMENT A CE TRAITEMENT POUR DES RAISONS TENANT A VOTRE SITUATION PARTICULIERE.<\/p>\n\n<p>SI VOUS EXERCEZ CE DROIT D&rsquo;OPPOSITION, LE TRAITEMENT DES DONNEES CONCERNEES CESSERA IMMEDIATEMENT. NOUS NOUS RESERVONS TOUTEFOIS LE DROIT DE POURSUIVRE LE TRAITEMENT SI NOUS PARVENONS A PROUVER QUE LA POURSUITE DU TRAITEMENT EST JUSTIFIEE PAR DES MOTIFS LEGITIMES ET IMPERIEUX QUI PREVALENT SUR VOS INTERETS, DROITS ET LIBERTES OU SI LA POURSUITE DU TRAITEMENT PERMET LA CONSTATATION, L&rsquo;EXERCICE OU LA DEFENSE DE DROITS EN JUSTICE.<\/p>\n\n<p>LORSQUE NOUS TRAITONS VOS DONNEES PERSONNELLES A DES FINS DE PROSPECTION, VOUS AVEZ LE DROIT DE VOUS OPPOSER A TOUT MOMENT AU TRAITEMENT DE VOS DONNEES A DE TELLES FINS DE PROSPECTION EN SUIVANT LES MODALITES DECRITES CI-DESSUS.<\/p>\n\n<p>SI VOUS EXERCEZ VOTRE DROIT D&rsquo;OPPOSITION AU TRAITEMENT A DES FINS DE PROSPECTION, VOS DONNEES NE SERONT PLUS TRAITEES A CES FINS.<\/p>\n\n<h2>10) Dur&eacute;e de conservation des donn&eacute;es &agrave; caract&egrave;re personnel<\/h2>\n\n<p>La dur&eacute;e de conservation des donn&eacute;es &agrave; caract&egrave;re personnel est d&eacute;termin&eacute;e par la base juridique respective, la finalit&eacute; du traitement et &#8211; le cas &eacute;ch&eacute;ant &#8211; en plus par la p&eacute;riode de conservation l&eacute;gale respective (par exemple, les p&eacute;riodes de conservation en vertu du droit commercial et fiscal).<\/p>\n\n<p>Lors du traitement de donn&eacute;es &agrave; caract&egrave;re personnel sur la base d&rsquo;un consentement explicite conform&eacute;ment &agrave; l&rsquo;article 6, paragraphe 1, point a) RGPD, ces donn&eacute;es sont conserv&eacute;es jusqu&rsquo;&agrave; ce que la personne concern&eacute;e r&eacute;voque son consentement.<\/p>\n\n<p>S&rsquo;il existe des d&eacute;lais de conservation l&eacute;gaux pour les donn&eacute;es qui sont trait&eacute;es dans le cadre d&rsquo;obligations l&eacute;gales ou quasi-l&eacute;gales sur la base de l&rsquo;article 6, paragraphe 1, point b) RGPD, ces donn&eacute;es seront syst&eacute;matiquement supprim&eacute;es apr&egrave;s l&rsquo;expiration des d&eacute;lais de conservation, dans la mesure o&ugrave; elles ne sont plus n&eacute;cessaires &agrave; l&rsquo;ex&eacute;cution d&rsquo;un contrat ou &agrave; l&rsquo;initiation d&rsquo;un contrat et\/ou qu&rsquo;il n&rsquo;y a plus d&rsquo;int&eacute;r&ecirc;t justifi&eacute; de notre part &agrave; continuer &agrave; les stocker.<\/p>\n\n<p>Lorsque nous traitons des donn&eacute;es &agrave; caract&egrave;re personnel sur la base de l&rsquo;article 6, paragraphe 1, point f) RGPD ces donn&eacute;es sont conserv&eacute;es jusqu&rsquo;&agrave; ce que la personne concern&eacute;e exerce son droit d&rsquo;opposition conform&eacute;ment &agrave; l&rsquo;article 21, paragraphe 1 RGPD, &agrave; moins que nous puissions d&eacute;montrer des motifs l&eacute;gitimes imp&eacute;rieux pour le traitement qui pr&eacute;valent sur les int&eacute;r&ecirc;ts, les droits et les libert&eacute;s de la personne concern&eacute;e, ou que le traitement serve &agrave; faire valoir, &agrave; exercer ou &agrave; d&eacute;fendre des droits l&eacute;gaux.<\/p>\n\n<p>Lors du traitement de donn&eacute;es &agrave; caract&egrave;re personnel &agrave; des fins de marketing direct sur la base de l&rsquo;article 6, paragraphe 1, point f) RGPD, ces donn&eacute;es sont conserv&eacute;es jusqu&rsquo;&agrave; ce que la personne concern&eacute;e exerce son droit d&rsquo;opposition conform&eacute;ment &agrave; l&rsquo;article 21, paragraphe 2 RGPD.<\/p>\n\n<p>Sauf indication contraire dans les autres informations de la pr&eacute;sente d&eacute;claration sur les situations de traitement sp&eacute;cifiques, les donn&eacute;es personnelles stock&eacute;es seront par ailleurs supprim&eacute;es lorsqu&rsquo;elles ne seront plus n&eacute;cessaires aux fins pour lesquelles elles ont &eacute;t&eacute; collect&eacute;es ou trait&eacute;es d&rsquo;une autre mani&egrave;re.<\/p><\/div><div id=\"itkanzlei_txt_copyright\" style=\"font-size: 12px; margin-top: 8em;\"><div style=\"display: inline-block; vertical-align: top;\"><a href=\"https:\/\/www.it-recht-kanzlei.de\/\" target=\"_blank\"><img decoding=\"async\" src=\"https:\/\/www.it-recht-kanzlei.de\/logo\/Copyright-Logo_Datenschutzerklaerung.png?i=40ecf-27651-39c8-907e-1\" id=\"itkanzlei_img_copyright\" alt=\"&copy; IT-Recht Kanzlei\" title=\"&copy; IT-Recht Kanzlei\" style=\"margin-top: -20px; border-style: none; max-width: 100%;\" \/><\/a><\/div><div style=\"display: inline-block; vertical-align: top; margin-left: 5px; float: right; white-space: nowrap;\">Version: 21.04.2026, 12:02:44<\/div><div style=\"clear: right;\"><\/div><\/div><\/div><\/p>\t\t\t\t\t\t\t\t<\/div>\n\t\t\t\t<\/div>\n\t\t\t\t<div class=\"elementor-element elementor-element-c99d5bc imprint elementor-invisible elementor-widget elementor-widget-text-editor\" data-id=\"c99d5bc\" data-element_type=\"widget\" data-settings=\"{&quot;_animation&quot;:&quot;fadeInUp&quot;,&quot;_animation_delay&quot;:200}\" data-widget_type=\"text-editor.default\">\n\t\t\t\t<div class=\"elementor-widget-container\">\n\t\t\t\t\t\t\t\t\t<h2>11) Informations compl\u00e9mentaires sur la protection des donn\u00e9es pour les partenaires commerciaux<\/h2><p>En plus des informations g\u00e9n\u00e9rales contenues dans la pr\u00e9sente d\u00e9claration de protection des donn\u00e9es, nous vous informons ci-apr\u00e8s sur le traitement des donn\u00e9es \u00e0 caract\u00e8re personnel dans le cadre de nos relations commerciales avec les fournisseurs, prestataires de services et autres partenaires commerciaux.<\/p><h3>11.1 Clients et personnes int\u00e9ress\u00e9es<\/h3><h4>11.1.1 Finalit\u00e9 du traitement<\/h4><ul><li>Demande d\u2019offres individuelles pour des travaux ou des services<\/li><li>Conclusion d\u2019un contrat de service ou d\u2019entreprise ou ex\u00e9cution d\u2019une commande<\/li><li>Questions relatives aux travaux, services ou produits fournis, y compris le traitement des r\u00e9clamations<\/li><li>R\u00e8glement de factures<\/li><\/ul><p>Pour pouvoir recevoir les prestations convenues par contrat ou, bien entendu, pour demander une offre individuelle, nous avons bien s\u00fbr besoin d\u2019un minimum de donn\u00e9es \u00e0 caract\u00e8re personnel. Nous respectons toujours le principe de minimisation des donn\u00e9es et ne collectons pas de donn\u00e9es \u00e0 caract\u00e8re personnel dont nous n\u2019avons pas besoin pour l\u2019accomplissement de nos t\u00e2ches. <\/p><h4>11.1.2 Bases juridiques<\/h4><p>Nous traitons vos donn\u00e9es \u00e0 caract\u00e8re personnel sur la base juridique suivante :<\/p><ul><li>Article 6, paragraphe 1, point b) du RGPD (en cas de conclusion d\u2019un contrat, par exemple un contrat de service ou un contrat de vente) <\/li><li>ou \/ et l\u2019article 6, paragraphe 1, point f) du RGPD (en cas de mesures pr\u00e9contractuelles \u00e0 la demande du responsable du traitement) <\/li><\/ul><h4>11.1.3 Cat\u00e9gories de destinataires<\/h4><p>Une transmission interne de vos donn\u00e9es \u00e0 caract\u00e8re personnel a lieu exclusivement pour remplir les obligations contractuelles ou d\u2019autres t\u00e2ches en rapport avec les activit\u00e9s mentionn\u00e9es au point 11.1.1.<\/p><p>Un transfert externe de vos donn\u00e9es \u00e0 caract\u00e8re personnel peut avoir lieu dans les circonstances suivantes :<\/p><ul><li>Transmission de vos coordonn\u00e9es pour la coordination entre plusieurs prestataires, <br>en cas d\u2019engagement d\u2019un autre prestataire de services \/ fournisseur pour l\u2019ex\u00e9cution des obligations contractuelles que nous avons convenues avec vous dans le cadre de la collaboration<\/li><li>Commande de services d\u2019assistance pour lesquels l\u2019acc\u00e8s \u00e0 vos donn\u00e9es \u00e0 caract\u00e8re personnel est n\u00e9cessaire ou du moins ne peut \u00eatre totalement exclu. Il s\u2019agit, par exemple, de services d\u2019assistance informatique, de services de r\u00e8glement de factures ou de services de conseil fiscal<\/li><li>Transmission de vos donn\u00e9es \u00e0 caract\u00e8re personnel en raison d\u2019obligations l\u00e9gales<\/li><\/ul><h3>11.2 Fournisseurs et prestataires de services<\/h3><h4>11.2.1 Objectif de la collecte de donn\u00e9es<\/h4><ul><li>\u00c9tablissement d\u2019offres individuelles suite \u00e0 des demandes de travaux ou de services qui nous ont \u00e9t\u00e9 adress\u00e9es<\/li><li>R\u00e9daction d\u2019un contrat de prestation de services ou d\u2019un contrat d\u2019entreprise<\/li><li>Fourniture de la prestation convenue par contrat<\/li><li>Facturation de la prestation convenue par contrat<\/li><li>Protection contre les d\u00e9fauts de paiement<\/li><\/ul><p>Nous avons besoin d\u2019un minimum de donn\u00e9es \u00e0 caract\u00e8re personnel pour pouvoir fournir notre prestation convenue par contrat ou pour pouvoir vous faire une offre personnalis\u00e9e suite \u00e0 votre demande. Nous respectons toujours le principe de minimisation des donn\u00e9es et ne collectons pas de donn\u00e9es \u00e0 caract\u00e8re personnel dont nous n\u2019avons pas besoin pour l\u2019accomplissement de nos t\u00e2ches. <\/p><h4>11.2.2 Base juridique<\/h4><p>Article 6, paragraphe 1, point b) du RGPD, et article 6, paragraphe 1, point f) du RGPD (protection contre les d\u00e9fauts de paiement)  <\/p><h4>11.2.3 Cat\u00e9gories de destinataires<\/h4><p>Un transfert externe de vos donn\u00e9es \u00e0 caract\u00e8re personnel peut avoir lieu dans les circonstances suivantes : <\/p><ul><li>L\u2019engagement d\u2019un sous-traitant pour remplir les obligations contractuelles que nous avons convenues avec vous dans le cadre de notre collaboration<\/li><li>La commande de services d\u2019assistance pour lesquels l\u2019acc\u00e8s \u00e0 vos donn\u00e9es \u00e0 caract\u00e8re personnel est n\u00e9cessaire ou du moins ne peut \u00eatre totalement exclu. Il s\u2019agit, par exemple, de services d\u2019assistance informatique, de services de facturation ou de services de conseil fiscal<\/li><li>Transmission de vos donn\u00e9es \u00e0 caract\u00e8re personnel en raison d\u2019obligations l\u00e9gales<\/li><li>Obtention de renseignements aupr\u00e8s d\u2019agences de renseignements commerciaux<\/li><\/ul><h2 class=\"p1\">12) Traitement des donn\u00e9es des visiteurs (contr\u00f4le d&rsquo;acc\u00e8s)<\/h2><p>Lors de l\u2019entr\u00e9e sur le site de notre entreprise, certaines donn\u00e9es \u00e0 caract\u00e8re personnel peuvent \u00eatre enregistr\u00e9es \u00e0 l\u2019accueil, telles que le nom, l\u2019entreprise, l\u2019heure de la visite et, le cas \u00e9ch\u00e9ant, le num\u00e9ro d\u2019immatriculation du v\u00e9hicule.<\/p><p>Ces donn\u00e9es sont trait\u00e9es dans le but de contr\u00f4ler l\u2019acc\u00e8s au site, d\u2019assurer la s\u00e9curit\u00e9 de l\u2019entreprise et de respecter les obligations l\u00e9gales de documentation et de tra\u00e7abilit\u00e9, notamment dans le cadre des mesures de s\u00e9curit\u00e9 incendie et des listes d\u2019\u00e9vacuation.<\/p><p>La base juridique de ce traitement est notre int\u00e9r\u00eat l\u00e9gitime conform\u00e9ment \u00e0 l\u2019article 6, paragraphe 1, point f) du RGPD.  <\/p><p>Les donn\u00e9es sont conserv\u00e9es uniquement pendant la dur\u00e9e n\u00e9cessaire \u00e0 la r\u00e9alisation des finalit\u00e9s mentionn\u00e9es ci-dessus et sont ensuite supprim\u00e9es, sauf si des obligations l\u00e9gales de conservation exigent une conservation plus longue.<\/p><h2>13) Droit de recours aupr\u00e8s de l&rsquo;autorit\u00e9 de surveillance<\/h2><p>Dans la mesure o\u00f9 vous estimez n\u00e9cessaire de d\u00e9poser une plainte aupr\u00e8s de l\u2019autorit\u00e9 de surveillance comp\u00e9tente, vous \u00eates libre d\u2019exercer ce droit \u00e0 tout moment. L\u2019adresse de l\u2019autorit\u00e9 de surveillance comp\u00e9tente dans le Bade-Wurtemberg est la suivante :<\/p><address>Le commissaire du Land \u00e0 la protection des donn\u00e9es et \u00e0 la libert\u00e9 d\u2019information<br>Lautenschlagerstra\u00dfe 20<br>70173 Stuttgart<\/address>\t\t\t\t\t\t\t\t<\/div>\n\t\t\t\t<\/div>\n\t\t\t\t<div class=\"elementor-element elementor-element-e0f575c elementor-widget elementor-widget-spacer\" data-id=\"e0f575c\" data-element_type=\"widget\" data-widget_type=\"spacer.default\">\n\t\t\t\t<div class=\"elementor-widget-container\">\n\t\t\t\t\t\t\t<div class=\"elementor-spacer\">\n\t\t\t<div class=\"elementor-spacer-inner\"><\/div>\n\t\t<\/div>\n\t\t\t\t\t\t<\/div>\n\t\t\t\t<\/div>\n\t\t\t\t<div class=\"elementor-element elementor-element-ab46ec9 elementor-widget__width-initial elementor-invisible elementor-widget elementor-widget-heading\" data-id=\"ab46ec9\" data-element_type=\"widget\" data-settings=\"{&quot;_animation&quot;:&quot;fadeInUp&quot;}\" data-widget_type=\"heading.default\">\n\t\t\t\t<div class=\"elementor-widget-container\">\n\t\t\t\t\t<h2 class=\"elementor-heading-title elementor-size-default\">Histo\u00adrique des con\u00adsente\u00adments<\/h2>\t\t\t\t<\/div>\n\t\t\t\t<\/div>\n\t\t\t\t<div class=\"elementor-element elementor-element-439c94d elementor-widget elementor-widget-spacer\" data-id=\"439c94d\" data-element_type=\"widget\" data-widget_type=\"spacer.default\">\n\t\t\t\t<div class=\"elementor-widget-container\">\n\t\t\t\t\t\t\t<div class=\"elementor-spacer\">\n\t\t\t<div class=\"elementor-spacer-inner\"><\/div>\n\t\t<\/div>\n\t\t\t\t\t\t<\/div>\n\t\t\t\t<\/div>\n\t\t\t\t<div class=\"elementor-element elementor-element-b9c28cd elementor-widget elementor-widget-shortcode\" data-id=\"b9c28cd\" data-element_type=\"widget\" data-widget_type=\"shortcode.default\">\n\t\t\t\t<div class=\"elementor-widget-container\">\n\t\t\t\t\t\t\t<div class=\"elementor-shortcode\"><div class=\"brlbs-cmpnt-container\" data-borlabs-cookie-consent-history><\/div><\/div>\n\t\t\t\t\t\t<\/div>\n\t\t\t\t<\/div>\n\t\t\t\t<div class=\"elementor-element elementor-element-fb02d68 elementor-widget elementor-widget-spacer\" data-id=\"fb02d68\" data-element_type=\"widget\" data-widget_type=\"spacer.default\">\n\t\t\t\t<div class=\"elementor-widget-container\">\n\t\t\t\t\t\t\t<div class=\"elementor-spacer\">\n\t\t\t<div class=\"elementor-spacer-inner\"><\/div>\n\t\t<\/div>\n\t\t\t\t\t\t<\/div>\n\t\t\t\t<\/div>\n\t\t\t\t<div class=\"elementor-element elementor-element-f236d7a elementor-widget__width-initial elementor-invisible elementor-widget elementor-widget-heading\" data-id=\"f236d7a\" data-element_type=\"widget\" data-settings=\"{&quot;_animation&quot;:&quot;fadeInUp&quot;}\" data-widget_type=\"heading.default\">\n\t\t\t\t<div class=\"elementor-widget-container\">\n\t\t\t\t\t<h2 class=\"elementor-heading-title elementor-size-default\">Liste des services<\/h2>\t\t\t\t<\/div>\n\t\t\t\t<\/div>\n\t\t\t\t<div class=\"elementor-element elementor-element-96d7840 elementor-widget elementor-widget-spacer\" data-id=\"96d7840\" data-element_type=\"widget\" data-widget_type=\"spacer.default\">\n\t\t\t\t<div class=\"elementor-widget-container\">\n\t\t\t\t\t\t\t<div class=\"elementor-spacer\">\n\t\t\t<div class=\"elementor-spacer-inner\"><\/div>\n\t\t<\/div>\n\t\t\t\t\t\t<\/div>\n\t\t\t\t<\/div>\n\t\t\t\t<div class=\"elementor-element elementor-element-030efa7 elementor-widget elementor-widget-shortcode\" data-id=\"030efa7\" data-element_type=\"widget\" data-widget_type=\"shortcode.default\">\n\t\t\t\t<div class=\"elementor-widget-container\">\n\t\t\t\t\t\t\t<div class=\"elementor-shortcode\"><div class=\"brlbs-cmpnt-container brlbs-cmpnt-shortcode-element\" data-borlabs-cookie-service-list><\/div><\/div>\n\t\t\t\t\t\t<\/div>\n\t\t\t\t<\/div>\n\t\t\t\t\t<\/div>\n\t\t\t\t<\/div>\n\t\t\t\t<\/div>\n\t\t","protected":false},"excerpt":{"rendered":"<p>Protection des donn\u00e9es 11) Informations compl\u00e9mentaires sur la protection des donn\u00e9es pour les partenaires commerciaux En plus des informations g\u00e9n\u00e9rales contenues dans la pr\u00e9sente d\u00e9claration de protection des donn\u00e9es, nous vous informons ci-apr\u00e8s sur le traitement des donn\u00e9es \u00e0 caract\u00e8re personnel dans le cadre de nos relations commerciales avec les fournisseurs, prestataires de services et [&hellip;]<\/p>\n","protected":false},"author":1,"featured_media":0,"parent":0,"menu_order":900,"comment_status":"closed","ping_status":"closed","template":"","meta":{"_seopress_robots_primary_cat":"","_seopress_titles_title":"Protection des donn\u00e9es | FAHRION","_seopress_titles_desc":"D\u00e9claration de confidentialit\u00e9 de FAHRION : Tout sur la collecte, l\u2019utilisation et la protection de vos donn\u00e9es personnelles conform\u00e9ment aux exigences l\u00e9gales.","_seopress_robots_index":"oui","inline_featured_image":false,"footnotes":""},"class_list":["post-12096","page","type-page","status-publish","hentry"],"_links":{"self":[{"href":"https:\/\/fahrion.de\/fr\/wp-json\/wp\/v2\/pages\/12096","targetHints":{"allow":["GET"]}}],"collection":[{"href":"https:\/\/fahrion.de\/fr\/wp-json\/wp\/v2\/pages"}],"about":[{"href":"https:\/\/fahrion.de\/fr\/wp-json\/wp\/v2\/types\/page"}],"author":[{"embeddable":true,"href":"https:\/\/fahrion.de\/fr\/wp-json\/wp\/v2\/users\/1"}],"replies":[{"embeddable":true,"href":"https:\/\/fahrion.de\/fr\/wp-json\/wp\/v2\/comments?post=12096"}],"version-history":[{"count":13,"href":"https:\/\/fahrion.de\/fr\/wp-json\/wp\/v2\/pages\/12096\/revisions"}],"predecessor-version":[{"id":65944,"href":"https:\/\/fahrion.de\/fr\/wp-json\/wp\/v2\/pages\/12096\/revisions\/65944"}],"wp:attachment":[{"href":"https:\/\/fahrion.de\/fr\/wp-json\/wp\/v2\/media?parent=12096"}],"curies":[{"name":"wp","href":"https:\/\/api.w.org\/{rel}","templated":true}]}}